{"id":18226,"date":"2024-01-15T12:30:51","date_gmt":"2024-01-15T11:30:51","guid":{"rendered":"https:\/\/www.euskadibasquecountrygrandtour.eus\/que-hacer\/baum-von-gernika"},"modified":"2024-03-04T15:41:05","modified_gmt":"2024-03-04T14:41:05","slug":"baum-von-gernika","status":"publish","type":"que-hacer","link":"https:\/\/www.euskadibasquecountrygrandtour.eus\/de\/was-sie-unternehmen-konnen-in-euskadi\/kulturerbe\/baum-von-gernika-haus-der-regionalregierung","title":{"rendered":"Baum von Gernika"},"content":{"rendered":"\t\t<div data-elementor-type=\"wp-post\" data-elementor-id=\"18226\" class=\"elementor elementor-18226 elementor-9209\" data-elementor-post-type=\"que-hacer\">\n\t\t\t\t<div class=\"elementor-element elementor-element-eb5a898 e-flex e-con-boxed e-con e-parent\" data-id=\"eb5a898\" data-element_type=\"container\" data-core-v316-plus=\"true\">\n\t\t\t\t\t<div class=\"e-con-inner\">\n\t\t\t\t<div class=\"elementor-element elementor-element-cbffc9b migas-personalizadas elementor-widget elementor-widget-text-editor\" data-id=\"cbffc9b\" data-element_type=\"widget\" data-widget_type=\"text-editor.default\">\n\t\t\t\t<div class=\"elementor-widget-container\">\n\t\t\t<style>\/*! elementor - v3.20.0 - 26-03-2024 *\/\n.elementor-widget-text-editor.elementor-drop-cap-view-stacked .elementor-drop-cap{background-color:#69727d;color:#fff}.elementor-widget-text-editor.elementor-drop-cap-view-framed .elementor-drop-cap{color:#69727d;border:3px solid;background-color:transparent}.elementor-widget-text-editor:not(.elementor-drop-cap-view-default) .elementor-drop-cap{margin-top:8px}.elementor-widget-text-editor:not(.elementor-drop-cap-view-default) .elementor-drop-cap-letter{width:1em;height:1em}.elementor-widget-text-editor .elementor-drop-cap{float:left;text-align:center;line-height:1;font-size:50px}.elementor-widget-text-editor .elementor-drop-cap-letter{display:inline-block}<\/style>\t\t\t\t<p><a title=\"Was sie unternehmen k\u00f6nnen in Euskadi - Kulturerbe\" href=\"https:\/\/www.euskadibasquecountrygrandtour.eus\/was-sie-unternehmen-k\u00f6nnen-euskadi\/kulturerbe\">Was sie unternehmen k\u00f6nnen &gt; Kulturerbe<\/a> &gt; Baum von Gernika<\/p>\n\t\t\t\t\t\t<\/div>\n\t\t\t\t<\/div>\n\t\t\t\t<div class=\"elementor-element elementor-element-b8314c3 elementor-widget-divider--view-line elementor-widget elementor-widget-divider\" data-id=\"b8314c3\" data-element_type=\"widget\" data-widget_type=\"divider.default\">\n\t\t\t\t<div class=\"elementor-widget-container\">\n\t\t\t<style>\/*! elementor - v3.20.0 - 26-03-2024 *\/\n.elementor-widget-divider{--divider-border-style:none;--divider-border-width:1px;--divider-color:#0c0d0e;--divider-icon-size:20px;--divider-element-spacing:10px;--divider-pattern-height:24px;--divider-pattern-size:20px;--divider-pattern-url:none;--divider-pattern-repeat:repeat-x}.elementor-widget-divider .elementor-divider{display:flex}.elementor-widget-divider .elementor-divider__text{font-size:15px;line-height:1;max-width:95%}.elementor-widget-divider .elementor-divider__element{margin:0 var(--divider-element-spacing);flex-shrink:0}.elementor-widget-divider .elementor-icon{font-size:var(--divider-icon-size)}.elementor-widget-divider .elementor-divider-separator{display:flex;margin:0;direction:ltr}.elementor-widget-divider--view-line_icon .elementor-divider-separator,.elementor-widget-divider--view-line_text .elementor-divider-separator{align-items:center}.elementor-widget-divider--view-line_icon .elementor-divider-separator:after,.elementor-widget-divider--view-line_icon .elementor-divider-separator:before,.elementor-widget-divider--view-line_text .elementor-divider-separator:after,.elementor-widget-divider--view-line_text .elementor-divider-separator:before{display:block;content:\"\";border-block-end:0;flex-grow:1;border-block-start:var(--divider-border-width) var(--divider-border-style) var(--divider-color)}.elementor-widget-divider--element-align-left .elementor-divider .elementor-divider-separator>.elementor-divider__svg:first-of-type{flex-grow:0;flex-shrink:100}.elementor-widget-divider--element-align-left .elementor-divider-separator:before{content:none}.elementor-widget-divider--element-align-left .elementor-divider__element{margin-left:0}.elementor-widget-divider--element-align-right .elementor-divider .elementor-divider-separator>.elementor-divider__svg:last-of-type{flex-grow:0;flex-shrink:100}.elementor-widget-divider--element-align-right .elementor-divider-separator:after{content:none}.elementor-widget-divider--element-align-right .elementor-divider__element{margin-right:0}.elementor-widget-divider--element-align-start .elementor-divider .elementor-divider-separator>.elementor-divider__svg:first-of-type{flex-grow:0;flex-shrink:100}.elementor-widget-divider--element-align-start .elementor-divider-separator:before{content:none}.elementor-widget-divider--element-align-start .elementor-divider__element{margin-inline-start:0}.elementor-widget-divider--element-align-end .elementor-divider .elementor-divider-separator>.elementor-divider__svg:last-of-type{flex-grow:0;flex-shrink:100}.elementor-widget-divider--element-align-end .elementor-divider-separator:after{content:none}.elementor-widget-divider--element-align-end .elementor-divider__element{margin-inline-end:0}.elementor-widget-divider:not(.elementor-widget-divider--view-line_text):not(.elementor-widget-divider--view-line_icon) .elementor-divider-separator{border-block-start:var(--divider-border-width) var(--divider-border-style) var(--divider-color)}.elementor-widget-divider--separator-type-pattern{--divider-border-style:none}.elementor-widget-divider--separator-type-pattern.elementor-widget-divider--view-line .elementor-divider-separator,.elementor-widget-divider--separator-type-pattern:not(.elementor-widget-divider--view-line) .elementor-divider-separator:after,.elementor-widget-divider--separator-type-pattern:not(.elementor-widget-divider--view-line) .elementor-divider-separator:before,.elementor-widget-divider--separator-type-pattern:not([class*=elementor-widget-divider--view]) .elementor-divider-separator{width:100%;min-height:var(--divider-pattern-height);-webkit-mask-size:var(--divider-pattern-size) 100%;mask-size:var(--divider-pattern-size) 100%;-webkit-mask-repeat:var(--divider-pattern-repeat);mask-repeat:var(--divider-pattern-repeat);background-color:var(--divider-color);-webkit-mask-image:var(--divider-pattern-url);mask-image:var(--divider-pattern-url)}.elementor-widget-divider--no-spacing{--divider-pattern-size:auto}.elementor-widget-divider--bg-round{--divider-pattern-repeat:round}.rtl .elementor-widget-divider .elementor-divider__text{direction:rtl}.e-con-inner>.elementor-widget-divider,.e-con>.elementor-widget-divider{width:var(--container-widget-width,100%);--flex-grow:var(--container-widget-flex-grow)}<\/style>\t\t<div class=\"elementor-divider\">\n\t\t\t<span class=\"elementor-divider-separator\">\n\t\t\t\t\t\t<\/span>\n\t\t<\/div>\n\t\t\t\t<\/div>\n\t\t\t\t<\/div>\n\t\t<div class=\"elementor-element elementor-element-b1e69b8 e-flex e-con-boxed e-con e-child\" data-id=\"b1e69b8\" data-element_type=\"container\">\n\t\t\t\t\t<div class=\"e-con-inner\">\n\t\t<div class=\"elementor-element elementor-element-b91a396 e-con-full e-flex e-con e-child\" data-id=\"b91a396\" data-element_type=\"container\">\n\t\t\t\t<div class=\"elementor-element elementor-element-970b013 elementor-pagination-position-outside elementor-widget elementor-widget-image-carousel\" data-id=\"970b013\" data-element_type=\"widget\" data-settings=\"{&quot;slides_to_show&quot;:&quot;1&quot;,&quot;navigation&quot;:&quot;dots&quot;,&quot;autoplay&quot;:&quot;yes&quot;,&quot;pause_on_hover&quot;:&quot;yes&quot;,&quot;pause_on_interaction&quot;:&quot;yes&quot;,&quot;autoplay_speed&quot;:5000,&quot;infinite&quot;:&quot;yes&quot;,&quot;effect&quot;:&quot;slide&quot;,&quot;speed&quot;:500}\" data-widget_type=\"image-carousel.default\">\n\t\t\t\t<div class=\"elementor-widget-container\">\n\t\t\t<style>\/*! elementor - v3.20.0 - 26-03-2024 *\/\n.elementor-widget-image-carousel .swiper,.elementor-widget-image-carousel .swiper-container{position:static}.elementor-widget-image-carousel .swiper-container .swiper-slide figure,.elementor-widget-image-carousel .swiper .swiper-slide figure{line-height:inherit}.elementor-widget-image-carousel .swiper-slide{text-align:center}.elementor-image-carousel-wrapper:not(.swiper-container-initialized):not(.swiper-initialized) .swiper-slide{max-width:calc(100% \/ var(--e-image-carousel-slides-to-show, 3))}<\/style>\t\t<div class=\"elementor-image-carousel-wrapper swiper\" dir=\"ltr\">\n\t\t\t<div class=\"elementor-image-carousel swiper-wrapper\" aria-live=\"off\">\n\t\t\t\t\t\t\t\t<div class=\"swiper-slide\" role=\"group\" aria-roledescription=\"slide\" aria-label=\"1 von 2\"><a data-elementor-open-lightbox=\"yes\" data-elementor-lightbox-slideshow=\"970b013\" data-elementor-lightbox-title=\"Mural Gernika\" data-elementor-lightbox-description=\"Mural Gernika\" data-e-action-hash=\"#elementor-action%3Aaction%3Dlightbox%26settings%3DeyJpZCI6NjYwNCwidXJsIjoiaHR0cHM6XC9cL3d3dy5ldXNrYWRpYmFzcXVlY291bnRyeWdyYW5kdG91ci5ldXNcL3dwLWNvbnRlbnRcL3VwbG9hZHNcLzIwMjNcLzEyXC9tdXJhbC1nZXJuaWthLmpwZWciLCJzbGlkZXNob3ciOiI5NzBiMDEzIn0%3D\" href=\"https:\/\/www.euskadibasquecountrygrandtour.eus\/wp-content\/uploads\/2023\/12\/mural-gernika.jpeg\"><figure class=\"swiper-slide-inner\"><img decoding=\"async\" class=\"swiper-slide-image\" src=\"https:\/\/www.euskadibasquecountrygrandtour.eus\/wp-content\/uploads\/elementor\/thumbs\/mural-gernika-qhptx948nbl4o1lg6rorzfvvcoc2tbw4wjw36zehyo.jpeg\" alt=\"Mural Gernika\" \/><\/figure><\/a><\/div><div class=\"swiper-slide\" role=\"group\" aria-roledescription=\"slide\" aria-label=\"2 von 2\"><a data-elementor-open-lightbox=\"yes\" data-elementor-lightbox-slideshow=\"970b013\" data-elementor-lightbox-title=\"\u00c1rbol de Gernika\" data-elementor-lightbox-description=\"\u00c1rbol de Gernika\" data-e-action-hash=\"#elementor-action%3Aaction%3Dlightbox%26settings%3DeyJpZCI6NjU5MywidXJsIjoiaHR0cHM6XC9cL3d3dy5ldXNrYWRpYmFzcXVlY291bnRyeWdyYW5kdG91ci5ldXNcL3dwLWNvbnRlbnRcL3VwbG9hZHNcLzIwMjNcLzEyXC9hcmJvbC1kZS1nZXJuaWthLmpwZWciLCJzbGlkZXNob3ciOiI5NzBiMDEzIn0%3D\" href=\"https:\/\/www.euskadibasquecountrygrandtour.eus\/wp-content\/uploads\/2023\/12\/arbol-de-gernika.jpeg\"><figure class=\"swiper-slide-inner\"><img decoding=\"async\" class=\"swiper-slide-image\" src=\"https:\/\/www.euskadibasquecountrygrandtour.eus\/wp-content\/uploads\/elementor\/thumbs\/arbol-de-gernika-qhptnuqcaypwkf8z2pf31t9xhynxuakrm11afdc86o.jpeg\" alt=\"\u00c1rbol de Gernika\" \/><\/figure><\/a><\/div>\t\t\t<\/div>\n\t\t\t\t\t\t\t\n\t\t\t\t\t\t\t\t\t<div class=\"swiper-pagination\"><\/div>\n\t\t\t\t\t\t\t\t\t<\/div>\n\t\t\t\t<\/div>\n\t\t\t\t<\/div>\n\t\t\t\t<\/div>\n\t\t<div class=\"elementor-element elementor-element-29789e0 e-con-full e-flex e-con e-child\" data-id=\"29789e0\" data-element_type=\"container\">\n\t\t\t\t<div class=\"elementor-element elementor-element-747f459 elementor-widget elementor-widget-text-editor\" data-id=\"747f459\" data-element_type=\"widget\" data-widget_type=\"text-editor.default\">\n\t\t\t\t<div class=\"elementor-widget-container\">\n\t\t\t\t\t\t\t<p>Das <strong>Haus der Regionalregierung in Gernika<\/strong> (Casa de Juntas) ist ein Ort von gro\u00dfer historischer und politischer Bedeutung f\u00fcr das Baskenland.<\/p>\n<p>Hier steht der <strong>Baum von Gernika<\/strong>, ein Symbol der baskischen Freiheiten. Das Geb\u00e4ude selbst ist ein wundersch\u00f6nes Beispiel baskischer Architektur und Zeuge wichtiger Ereignisse in der Geschichte des Baskenlandes.<\/p>\n<p>Gernika, Symbol des Friedens. Gernika ging nach der Bombardierung durch die deutsche Legion Condor im Jahr 1937 in die Weltgeschichte ein und wurde von Picasso in seinem ber\u00fchmten Gem\u00e4lde <a href=\"https:\/\/www.museoreinasofia.es\/coleccion\/obra\/guernica\" target=\"_black\" rel=\"nofollow noopener\">&#8222;Guernica&#8220;<\/a> verewigt. <\/p>\n<p>Bei diesem Bombardement wurden zwei Drittel aller Geb\u00e4ude zerst\u00f6rt, aber das Haus der Regionalregierung blieb unversehrt und daneben der ber\u00fchmte Baum von Gernika. <\/p>\n<p>Es lohnt sich, das Friedensmuseum oder den Wochenmarkt zu besuchen, auf dem montags die besten lokalen Produkte aus den baskischen Gem\u00fcseg\u00e4rten angeboten werden.<\/p>\n\t\t\t\t\t\t<\/div>\n\t\t\t\t<\/div>\n\t\t\t\t<\/div>\n\t\t\t\t\t<\/div>\n\t\t\t\t<\/div>\n\t\t\t\t<div class=\"elementor-element elementor-element-6deb2c9 elementor-widget elementor-widget-heading\" data-id=\"6deb2c9\" data-element_type=\"widget\" data-widget_type=\"heading.default\">\n\t\t\t\t<div class=\"elementor-widget-container\">\n\t\t\t<style>\/*! elementor - v3.20.0 - 26-03-2024 *\/\n.elementor-heading-title{padding:0;margin:0;line-height:1}.elementor-widget-heading .elementor-heading-title[class*=elementor-size-]>a{color:inherit;font-size:inherit;line-height:inherit}.elementor-widget-heading .elementor-heading-title.elementor-size-small{font-size:15px}.elementor-widget-heading .elementor-heading-title.elementor-size-medium{font-size:19px}.elementor-widget-heading .elementor-heading-title.elementor-size-large{font-size:29px}.elementor-widget-heading .elementor-heading-title.elementor-size-xl{font-size:39px}.elementor-widget-heading .elementor-heading-title.elementor-size-xxl{font-size:59px}<\/style><h2 class=\"elementor-heading-title elementor-size-default\">F\u00fchrung durch das Haus der Regionalregierung in Gernika: Die Wurzeln des Baskenlandes<\/h2>\t\t<\/div>\n\t\t\t\t<\/div>\n\t\t\t\t<div class=\"elementor-element elementor-element-1ea5a76 elementor-widget elementor-widget-text-editor\" data-id=\"1ea5a76\" data-element_type=\"widget\" data-widget_type=\"text-editor.default\">\n\t\t\t\t<div class=\"elementor-widget-container\">\n\t\t\t\t\t\t\t<p>Der gef\u00fchrte Rundgang durch das historische Zentrum von Gernika beginnt an dem Haus der Regionalregierung, einem wichtigen Geb\u00e4ude, in dem der Baum von Gernika steht, ein Symbol f\u00fcr die Freiheit und Demokratie des baskischen Volkes. Am 26. April 1937 wurde Gernika w\u00e4hrend des spanischen B\u00fcrgerkriegs von der deutschen Legion Condor bombardiert.<\/p>\n<p>Die <a class=\"waffle-rich-text-link\" href=\"https:\/\/historia.nationalgeographic.com.es\/a\/bombardeo-guernica-1937-masacre-que-inspiro-a-picasso_12702\" target=\"_black\" rel=\"nofollow noopener\">Bombardierung<\/a> war ein Terrorakt, der Tausende von Toten und Verwundeten forderte und zum Symbol f\u00fcr die Barbarei des Krieges wurde. W\u00e4hrend des Besuchs erfahren Sie mehr \u00fcber die Geschichte der Bombardierung von Gernika und wie sie Pablo Picasso zu seinem Meisterwerk <a class=\"waffle-rich-text-link\" href=\"https:\/\/www.museoreinasofia.es\/coleccion\/obra\/guernica\" target=\"_black\" rel=\"nofollow noopener\">&#8222;Guernica&#8220;<\/a> inspirierte. Die lebensgro\u00dfe Reproduktion des Gem\u00e4ldes ist auch auf der Plaza de la Paz, dem Friedensplatz, zu sehen.<\/p>\n<p>Sie werden auch einen der noch erhaltenen Luftschutzbunker der Stadt besuchen, um eine Vorstellung davon zu bekommen, wie sich die Bev\u00f6lkerung von Gernika an diesem schicksalhaften Tag gef\u00fchlt haben muss. <\/p>\n<p>Der Besuch endet im Friedensmuseum, einem Ort, der dem Gedenken an die Opfer von Krieg und Gewalt gewidmet ist.<\/p>\n\t\t\t\t\t\t<\/div>\n\t\t\t\t<\/div>\n\t\t\t\t<div class=\"elementor-element elementor-element-ee93974 elementor-widget elementor-widget-heading\" data-id=\"ee93974\" data-element_type=\"widget\" data-widget_type=\"heading.default\">\n\t\t\t\t<div class=\"elementor-widget-container\">\n\t\t\t<h2 class=\"elementor-heading-title elementor-size-default\">Weitere Informationen und Reservierungen<\/h2>\t\t<\/div>\n\t\t\t\t<\/div>\n\t\t\t\t<div class=\"elementor-element elementor-element-23c61f6 elementor-widget elementor-widget-text-editor\" data-id=\"23c61f6\" data-element_type=\"widget\" data-widget_type=\"text-editor.default\">\n\t\t\t\t<div class=\"elementor-widget-container\">\n\t\t\t\t\t\t\t<p><a class=\"waffle-rich-text-link\" href=\"http:\/\/www.gernika-lumo.eus\/\" rel=\"nofollow noopener\" target=\"_blank\">Fremdenverkehrsb\u00fcro Gernika.<\/a><\/p>\n\t\t\t\t\t\t<\/div>\n\t\t\t\t<\/div>\n\t\t\t\t\t<\/div>\n\t\t\t\t<\/div>\n\t\t\t\t<\/div>\n\t\t","protected":false},"excerpt":{"rendered":"<p>Die ehrw\u00fcrdige Eiche, die im Zentrum der baskischen Geschichte steht, ist ein lebendiges Symbol f\u00fcr Freiheit, Gerechtigkeit und Einheit.<\/p>\n","protected":false},"featured_media":18227,"template":"","categories":[487,490],"etapa-plan":[489],"acf":[],"_links":{"self":[{"href":"https:\/\/www.euskadibasquecountrygrandtour.eus\/de\/wp-json\/wp\/v2\/que-hacer\/18226"}],"collection":[{"href":"https:\/\/www.euskadibasquecountrygrandtour.eus\/de\/wp-json\/wp\/v2\/que-hacer"}],"about":[{"href":"https:\/\/www.euskadibasquecountrygrandtour.eus\/de\/wp-json\/wp\/v2\/types\/que-hacer"}],"version-history":[{"count":0,"href":"https:\/\/www.euskadibasquecountrygrandtour.eus\/de\/wp-json\/wp\/v2\/que-hacer\/18226\/revisions"}],"wp:featuredmedia":[{"embeddable":true,"href":"https:\/\/www.euskadibasquecountrygrandtour.eus\/de\/wp-json\/wp\/v2\/media\/18227"}],"wp:attachment":[{"href":"https:\/\/www.euskadibasquecountrygrandtour.eus\/de\/wp-json\/wp\/v2\/media?parent=18226"}],"wp:term":[{"taxonomy":"category","embeddable":true,"href":"https:\/\/www.euskadibasquecountrygrandtour.eus\/de\/wp-json\/wp\/v2\/categories?post=18226"},{"taxonomy":"etapa-plan","embeddable":true,"href":"https:\/\/www.euskadibasquecountrygrandtour.eus\/de\/wp-json\/wp\/v2\/etapa-plan?post=18226"}],"curies":[{"name":"wp","href":"https:\/\/api.w.org\/{rel}","templated":true}]}}